{"id":847,"date":"2023-07-15T08:12:34","date_gmt":"2023-07-15T11:12:34","guid":{"rendered":"https:\/\/ead.senar-rio.com.br\/lancamentos\/?page_id=847"},"modified":"2026-03-13T11:48:02","modified_gmt":"2026-03-13T14:48:02","slug":"em-breve","status":"publish","type":"page","link":"https:\/\/ead.senar-rio.com.br\/cursos\/em-breve\/","title":{"rendered":"EM BREVE"},"content":{"rendered":"\t\t<div data-elementor-type=\"wp-page\" data-elementor-id=\"847\" class=\"elementor elementor-847\">\n\t\t\t\t\t\t<section class=\"elementor-section elementor-top-section elementor-element elementor-element-6bbfd9c elementor-section-boxed elementor-section-height-default elementor-section-height-default\" data-id=\"6bbfd9c\" data-element_type=\"section\" data-settings=\"{&quot;background_background&quot;:&quot;classic&quot;}\">\n\t\t\t\t\t\t<div class=\"elementor-container elementor-column-gap-default\">\n\t\t\t\t\t<div class=\"elementor-column elementor-col-100 elementor-top-column elementor-element elementor-element-bb8ec43\" data-id=\"bb8ec43\" data-element_type=\"column\">\n\t\t\t<div class=\"elementor-widget-wrap elementor-element-populated\">\n\t\t\t\t\t\t<div class=\"elementor-element elementor-element-573eb41 elementor-widget elementor-widget-heading\" data-id=\"573eb41\" data-element_type=\"widget\" data-widget_type=\"heading.default\">\n\t\t\t\t<div class=\"elementor-widget-container\">\n\t\t\t\t\t<h2 class=\"elementor-heading-title elementor-size-default\">EM BREVE<\/h2>\t\t\t\t<\/div>\n\t\t\t\t<\/div>\n\t\t\t\t\t<\/div>\n\t\t<\/div>\n\t\t\t\t\t<\/div>\n\t\t<\/section>\n\t\t\t\t<section class=\"elementor-section elementor-top-section elementor-element elementor-element-3a49136 elementor-section-boxed elementor-section-height-default elementor-section-height-default\" data-id=\"3a49136\" data-element_type=\"section\">\n\t\t\t\t\t\t<div class=\"elementor-container elementor-column-gap-default\">\n\t\t\t\t\t<div class=\"elementor-column elementor-col-100 elementor-top-column elementor-element elementor-element-e1ea15d\" data-id=\"e1ea15d\" data-element_type=\"column\">\n\t\t\t<div class=\"elementor-widget-wrap elementor-element-populated\">\n\t\t\t\t\t\t<div class=\"elementor-element elementor-element-c5563b7 elementor-grid-3 elementor-grid-tablet-2 elementor-grid-mobile-1 elementor-posts--thumbnail-top elementor-card-shadow-yes elementor-posts__hover-gradient elementor-widget elementor-widget-posts\" data-id=\"c5563b7\" data-element_type=\"widget\" data-settings=\"{&quot;cards_row_gap&quot;:{&quot;unit&quot;:&quot;px&quot;,&quot;size&quot;:51,&quot;sizes&quot;:[]},&quot;cards_columns&quot;:&quot;3&quot;,&quot;cards_columns_tablet&quot;:&quot;2&quot;,&quot;cards_columns_mobile&quot;:&quot;1&quot;,&quot;cards_row_gap_tablet&quot;:{&quot;unit&quot;:&quot;px&quot;,&quot;size&quot;:&quot;&quot;,&quot;sizes&quot;:[]},&quot;cards_row_gap_mobile&quot;:{&quot;unit&quot;:&quot;px&quot;,&quot;size&quot;:&quot;&quot;,&quot;sizes&quot;:[]}}\" data-widget_type=\"posts.cards\">\n\t\t\t\t<div class=\"elementor-widget-container\">\n\t\t\t\t\t\t\t<div class=\"elementor-posts-container elementor-posts elementor-posts--skin-cards elementor-grid\">\n\t\t\t\t<article class=\"elementor-post elementor-grid-item post-2359 post type-post status-publish format-standard has-post-thumbnail hentry category-em-breve wpbf-post\">\n\t\t\t<div class=\"elementor-post__card\">\n\t\t\t\t<a class=\"elementor-post__thumbnail__link\" href=\"https:\/\/ead.senar-rio.com.br\/cursos\/curso-elas-no-campo-cuidando-de-quem-cuida\/\" ><div class=\"elementor-post__thumbnail\"><img fetchpriority=\"high\" decoding=\"async\" width=\"300\" height=\"178\" src=\"https:\/\/ead.senar-rio.com.br\/cursos\/wp-content\/uploads\/2025\/12\/elascuidam-300x178.jpg\" class=\"attachment-medium size-medium wp-image-2360\" alt=\"\" srcset=\"https:\/\/ead.senar-rio.com.br\/cursos\/wp-content\/uploads\/2025\/12\/elascuidam-300x178.jpg 300w, https:\/\/ead.senar-rio.com.br\/cursos\/wp-content\/uploads\/2025\/12\/elascuidam-768x456.jpg 768w, https:\/\/ead.senar-rio.com.br\/cursos\/wp-content\/uploads\/2025\/12\/elascuidam.jpg 800w\" sizes=\"(max-width: 300px) 100vw, 300px\" \/><\/div><\/a>\n\t\t\t\t<div class=\"elementor-post__badge\">EM BREVE<\/div>\n\t\t\t\t<div class=\"elementor-post__text\">\n\t\t\t\t<h3 class=\"elementor-post__title\">\n\t\t\t<a href=\"https:\/\/ead.senar-rio.com.br\/cursos\/curso-elas-no-campo-cuidando-de-quem-cuida\/\" >\n\t\t\t\tCURSO: ELAS NO CAMPO &#8211; CUIDANDO DE QUEM CUIDA\t\t\t<\/a>\n\t\t<\/h3>\n\t\t\t\t\t<div class=\"elementor-post__read-more-wrapper\">\n\t\t\n\t\t<a class=\"elementor-post__read-more\" href=\"https:\/\/ead.senar-rio.com.br\/cursos\/curso-elas-no-campo-cuidando-de-quem-cuida\/\" >\n\t\t\tMais Detalhes\t\t<\/a>\n\n\t\t\t\t\t<\/div>\n\t\t\t\t<\/div>\n\t\t\t\t\t<\/div>\n\t\t<\/article>\n\t\t\t\t<article class=\"elementor-post elementor-grid-item post-2298 post type-post status-publish format-standard has-post-thumbnail hentry category-em-breve wpbf-post\">\n\t\t\t<div class=\"elementor-post__card\">\n\t\t\t\t<a class=\"elementor-post__thumbnail__link\" href=\"https:\/\/ead.senar-rio.com.br\/cursos\/curso-turismo-rural-arrendamento-por-plataforma-sem-interacao-direta-com-o-hospede\/\" ><div class=\"elementor-post__thumbnail\"><img decoding=\"async\" width=\"300\" height=\"178\" src=\"https:\/\/ead.senar-rio.com.br\/cursos\/wp-content\/uploads\/2025\/09\/hospedagem-plataforma-300x178.jpg\" class=\"attachment-medium size-medium wp-image-2299\" alt=\"\" srcset=\"https:\/\/ead.senar-rio.com.br\/cursos\/wp-content\/uploads\/2025\/09\/hospedagem-plataforma-300x178.jpg 300w, https:\/\/ead.senar-rio.com.br\/cursos\/wp-content\/uploads\/2025\/09\/hospedagem-plataforma-768x456.jpg 768w, https:\/\/ead.senar-rio.com.br\/cursos\/wp-content\/uploads\/2025\/09\/hospedagem-plataforma.jpg 800w\" sizes=\"(max-width: 300px) 100vw, 300px\" \/><\/div><\/a>\n\t\t\t\t<div class=\"elementor-post__badge\">EM BREVE<\/div>\n\t\t\t\t<div class=\"elementor-post__text\">\n\t\t\t\t<h3 class=\"elementor-post__title\">\n\t\t\t<a href=\"https:\/\/ead.senar-rio.com.br\/cursos\/curso-turismo-rural-arrendamento-por-plataforma-sem-interacao-direta-com-o-hospede\/\" >\n\t\t\t\tCURSO: TURISMO RURAL \u2013 ARRENDAMENTO POR PLATAFORMA SEM INTERA\u00c7\u00c3O DIRETA COM O HOSPEDE\t\t\t<\/a>\n\t\t<\/h3>\n\t\t\t\t\t<div class=\"elementor-post__read-more-wrapper\">\n\t\t\n\t\t<a class=\"elementor-post__read-more\" href=\"https:\/\/ead.senar-rio.com.br\/cursos\/curso-turismo-rural-arrendamento-por-plataforma-sem-interacao-direta-com-o-hospede\/\" >\n\t\t\tMais Detalhes\t\t<\/a>\n\n\t\t\t\t\t<\/div>\n\t\t\t\t<\/div>\n\t\t\t\t\t<\/div>\n\t\t<\/article>\n\t\t\t\t<article class=\"elementor-post elementor-grid-item post-2210 post type-post status-publish format-standard has-post-thumbnail hentry category-em-breve wpbf-post\">\n\t\t\t<div class=\"elementor-post__card\">\n\t\t\t\t<a class=\"elementor-post__thumbnail__link\" href=\"https:\/\/ead.senar-rio.com.br\/cursos\/curso-turismo-rural-hospedagem-em-unidade-habitacional-uh-separada-ou-isolada-da-propriedade\/\" ><div class=\"elementor-post__thumbnail\"><img decoding=\"async\" width=\"300\" height=\"178\" src=\"https:\/\/ead.senar-rio.com.br\/cursos\/wp-content\/uploads\/2025\/08\/hospedagem2-300x178.jpg\" class=\"attachment-medium size-medium wp-image-2211\" alt=\"\" srcset=\"https:\/\/ead.senar-rio.com.br\/cursos\/wp-content\/uploads\/2025\/08\/hospedagem2-300x178.jpg 300w, https:\/\/ead.senar-rio.com.br\/cursos\/wp-content\/uploads\/2025\/08\/hospedagem2-768x456.jpg 768w, https:\/\/ead.senar-rio.com.br\/cursos\/wp-content\/uploads\/2025\/08\/hospedagem2.jpg 800w\" sizes=\"(max-width: 300px) 100vw, 300px\" \/><\/div><\/a>\n\t\t\t\t<div class=\"elementor-post__badge\">EM BREVE<\/div>\n\t\t\t\t<div class=\"elementor-post__text\">\n\t\t\t\t<h3 class=\"elementor-post__title\">\n\t\t\t<a href=\"https:\/\/ead.senar-rio.com.br\/cursos\/curso-turismo-rural-hospedagem-em-unidade-habitacional-uh-separada-ou-isolada-da-propriedade\/\" >\n\t\t\t\tCURSO: TURISMO RURAL \u2013 HOSPEDAGEM EM UNIDADE HABITACIONAL (UH) SEPARADA OU ISOLADA DA PROPRIEDADE\t\t\t<\/a>\n\t\t<\/h3>\n\t\t\t\t\t<div class=\"elementor-post__read-more-wrapper\">\n\t\t\n\t\t<a class=\"elementor-post__read-more\" href=\"https:\/\/ead.senar-rio.com.br\/cursos\/curso-turismo-rural-hospedagem-em-unidade-habitacional-uh-separada-ou-isolada-da-propriedade\/\" >\n\t\t\tMais Detalhes\t\t<\/a>\n\n\t\t\t\t\t<\/div>\n\t\t\t\t<\/div>\n\t\t\t\t\t<\/div>\n\t\t<\/article>\n\t\t\t\t<article class=\"elementor-post elementor-grid-item post-2174 post type-post status-publish format-standard has-post-thumbnail hentry category-em-breve wpbf-post\">\n\t\t\t<div class=\"elementor-post__card\">\n\t\t\t\t<a class=\"elementor-post__thumbnail__link\" href=\"https:\/\/ead.senar-rio.com.br\/cursos\/curso-producao-de-leite-de-ovelha-passo-a-passo-para-o-produtor\/\" ><div class=\"elementor-post__thumbnail\"><img loading=\"lazy\" decoding=\"async\" width=\"300\" height=\"178\" src=\"https:\/\/ead.senar-rio.com.br\/cursos\/wp-content\/uploads\/2025\/07\/ovinos-leite-300x178.jpg\" class=\"attachment-medium size-medium wp-image-2175\" alt=\"\" srcset=\"https:\/\/ead.senar-rio.com.br\/cursos\/wp-content\/uploads\/2025\/07\/ovinos-leite-300x178.jpg 300w, https:\/\/ead.senar-rio.com.br\/cursos\/wp-content\/uploads\/2025\/07\/ovinos-leite-768x456.jpg 768w, https:\/\/ead.senar-rio.com.br\/cursos\/wp-content\/uploads\/2025\/07\/ovinos-leite.jpg 800w\" sizes=\"(max-width: 300px) 100vw, 300px\" \/><\/div><\/a>\n\t\t\t\t<div class=\"elementor-post__badge\">EM BREVE<\/div>\n\t\t\t\t<div class=\"elementor-post__text\">\n\t\t\t\t<h3 class=\"elementor-post__title\">\n\t\t\t<a href=\"https:\/\/ead.senar-rio.com.br\/cursos\/curso-producao-de-leite-de-ovelha-passo-a-passo-para-o-produtor\/\" >\n\t\t\t\tCURSO: PRODU\u00c7\u00c3O DE LEITE DE OVELHA: PASSO A PASSO PARA O PRODUTOR\t\t\t<\/a>\n\t\t<\/h3>\n\t\t\t\t\t<div class=\"elementor-post__read-more-wrapper\">\n\t\t\n\t\t<a class=\"elementor-post__read-more\" href=\"https:\/\/ead.senar-rio.com.br\/cursos\/curso-producao-de-leite-de-ovelha-passo-a-passo-para-o-produtor\/\" >\n\t\t\tMais Detalhes\t\t<\/a>\n\n\t\t\t\t\t<\/div>\n\t\t\t\t<\/div>\n\t\t\t\t\t<\/div>\n\t\t<\/article>\n\t\t\t\t<article class=\"elementor-post elementor-grid-item post-2161 post type-post status-publish format-standard has-post-thumbnail hentry category-em-breve wpbf-post\">\n\t\t\t<div class=\"elementor-post__card\">\n\t\t\t\t<a class=\"elementor-post__thumbnail__link\" href=\"https:\/\/ead.senar-rio.com.br\/cursos\/curso-do-campo-ao-feed-publicidade-dos-negocios-rurais-nas-redes-sociais\/\" ><div class=\"elementor-post__thumbnail\"><img loading=\"lazy\" decoding=\"async\" width=\"300\" height=\"178\" src=\"https:\/\/ead.senar-rio.com.br\/cursos\/wp-content\/uploads\/2025\/07\/campofeed-300x178.jpg\" class=\"attachment-medium size-medium wp-image-2162\" alt=\"\" srcset=\"https:\/\/ead.senar-rio.com.br\/cursos\/wp-content\/uploads\/2025\/07\/campofeed-300x178.jpg 300w, https:\/\/ead.senar-rio.com.br\/cursos\/wp-content\/uploads\/2025\/07\/campofeed-768x456.jpg 768w, https:\/\/ead.senar-rio.com.br\/cursos\/wp-content\/uploads\/2025\/07\/campofeed.jpg 800w\" sizes=\"(max-width: 300px) 100vw, 300px\" \/><\/div><\/a>\n\t\t\t\t<div class=\"elementor-post__badge\">EM BREVE<\/div>\n\t\t\t\t<div class=\"elementor-post__text\">\n\t\t\t\t<h3 class=\"elementor-post__title\">\n\t\t\t<a href=\"https:\/\/ead.senar-rio.com.br\/cursos\/curso-do-campo-ao-feed-publicidade-dos-negocios-rurais-nas-redes-sociais\/\" >\n\t\t\t\tCURSO: DO CAMPO AO FEED: PUBLICIDADE DOS NEG\u00d3CIOS RURAIS NAS REDES SOCIAIS\t\t\t<\/a>\n\t\t<\/h3>\n\t\t\t\t\t<div class=\"elementor-post__read-more-wrapper\">\n\t\t\n\t\t<a class=\"elementor-post__read-more\" href=\"https:\/\/ead.senar-rio.com.br\/cursos\/curso-do-campo-ao-feed-publicidade-dos-negocios-rurais-nas-redes-sociais\/\" >\n\t\t\tMais Detalhes\t\t<\/a>\n\n\t\t\t\t\t<\/div>\n\t\t\t\t<\/div>\n\t\t\t\t\t<\/div>\n\t\t<\/article>\n\t\t\t\t<article class=\"elementor-post elementor-grid-item post-2153 post type-post status-publish format-standard has-post-thumbnail hentry category-em-breve wpbf-post\">\n\t\t\t<div class=\"elementor-post__card\">\n\t\t\t\t<a class=\"elementor-post__thumbnail__link\" href=\"https:\/\/ead.senar-rio.com.br\/cursos\/curso-o-uso-do-zap-conectando-o-campo-ao-cliente\/\" ><div class=\"elementor-post__thumbnail\"><img loading=\"lazy\" decoding=\"async\" width=\"300\" height=\"178\" src=\"https:\/\/ead.senar-rio.com.br\/cursos\/wp-content\/uploads\/2025\/07\/usodozap-300x178.jpg\" class=\"attachment-medium size-medium wp-image-2155\" alt=\"\" srcset=\"https:\/\/ead.senar-rio.com.br\/cursos\/wp-content\/uploads\/2025\/07\/usodozap-300x178.jpg 300w, https:\/\/ead.senar-rio.com.br\/cursos\/wp-content\/uploads\/2025\/07\/usodozap-768x456.jpg 768w, https:\/\/ead.senar-rio.com.br\/cursos\/wp-content\/uploads\/2025\/07\/usodozap.jpg 800w\" sizes=\"(max-width: 300px) 100vw, 300px\" \/><\/div><\/a>\n\t\t\t\t<div class=\"elementor-post__badge\">EM BREVE<\/div>\n\t\t\t\t<div class=\"elementor-post__text\">\n\t\t\t\t<h3 class=\"elementor-post__title\">\n\t\t\t<a href=\"https:\/\/ead.senar-rio.com.br\/cursos\/curso-o-uso-do-zap-conectando-o-campo-ao-cliente\/\" >\n\t\t\t\tCURSO: O USO DO ZAP: CONECTANDO O CAMPO AO CLIENTE\t\t\t<\/a>\n\t\t<\/h3>\n\t\t\t\t\t<div class=\"elementor-post__read-more-wrapper\">\n\t\t\n\t\t<a class=\"elementor-post__read-more\" href=\"https:\/\/ead.senar-rio.com.br\/cursos\/curso-o-uso-do-zap-conectando-o-campo-ao-cliente\/\" >\n\t\t\tMais Detalhes\t\t<\/a>\n\n\t\t\t\t\t<\/div>\n\t\t\t\t<\/div>\n\t\t\t\t\t<\/div>\n\t\t<\/article>\n\t\t\t\t<article class=\"elementor-post elementor-grid-item post-2132 post type-post status-publish format-standard has-post-thumbnail hentry category-em-breve wpbf-post\">\n\t\t\t<div class=\"elementor-post__card\">\n\t\t\t\t<a class=\"elementor-post__thumbnail__link\" href=\"https:\/\/ead.senar-rio.com.br\/cursos\/curso-producao-de-chocolates-artesanais-do-grao-a-barra\/\" ><div class=\"elementor-post__thumbnail\"><img loading=\"lazy\" decoding=\"async\" width=\"300\" height=\"178\" src=\"https:\/\/ead.senar-rio.com.br\/cursos\/wp-content\/uploads\/2025\/06\/chocolate-300x178.jpg\" class=\"attachment-medium size-medium wp-image-2133\" alt=\"\" srcset=\"https:\/\/ead.senar-rio.com.br\/cursos\/wp-content\/uploads\/2025\/06\/chocolate-300x178.jpg 300w, https:\/\/ead.senar-rio.com.br\/cursos\/wp-content\/uploads\/2025\/06\/chocolate-768x456.jpg 768w, https:\/\/ead.senar-rio.com.br\/cursos\/wp-content\/uploads\/2025\/06\/chocolate.jpg 800w\" sizes=\"(max-width: 300px) 100vw, 300px\" \/><\/div><\/a>\n\t\t\t\t<div class=\"elementor-post__badge\">EM BREVE<\/div>\n\t\t\t\t<div class=\"elementor-post__text\">\n\t\t\t\t<h3 class=\"elementor-post__title\">\n\t\t\t<a href=\"https:\/\/ead.senar-rio.com.br\/cursos\/curso-producao-de-chocolates-artesanais-do-grao-a-barra\/\" >\n\t\t\t\tCURSO: PRODU\u00c7\u00c3O DE CHOCOLATES ARTESANAIS DO GR\u00c3O \u00c0 BARRA\t\t\t<\/a>\n\t\t<\/h3>\n\t\t\t\t\t<div class=\"elementor-post__read-more-wrapper\">\n\t\t\n\t\t<a class=\"elementor-post__read-more\" href=\"https:\/\/ead.senar-rio.com.br\/cursos\/curso-producao-de-chocolates-artesanais-do-grao-a-barra\/\" >\n\t\t\tMais Detalhes\t\t<\/a>\n\n\t\t\t\t\t<\/div>\n\t\t\t\t<\/div>\n\t\t\t\t\t<\/div>\n\t\t<\/article>\n\t\t\t\t<article class=\"elementor-post elementor-grid-item post-2071 post type-post status-publish format-standard has-post-thumbnail hentry category-em-breve wpbf-post\">\n\t\t\t<div class=\"elementor-post__card\">\n\t\t\t\t<a class=\"elementor-post__thumbnail__link\" href=\"https:\/\/ead.senar-rio.com.br\/cursos\/curso-cultivo-e-beneficios-da-pitaya-a-fruta-do-dragao\/\" ><div class=\"elementor-post__thumbnail\"><img loading=\"lazy\" decoding=\"async\" width=\"300\" height=\"178\" src=\"https:\/\/ead.senar-rio.com.br\/cursos\/wp-content\/uploads\/2025\/05\/pitaya-300x178.jpg\" class=\"attachment-medium size-medium wp-image-2072\" alt=\"\" srcset=\"https:\/\/ead.senar-rio.com.br\/cursos\/wp-content\/uploads\/2025\/05\/pitaya-300x178.jpg 300w, https:\/\/ead.senar-rio.com.br\/cursos\/wp-content\/uploads\/2025\/05\/pitaya-768x456.jpg 768w, https:\/\/ead.senar-rio.com.br\/cursos\/wp-content\/uploads\/2025\/05\/pitaya.jpg 800w\" sizes=\"(max-width: 300px) 100vw, 300px\" \/><\/div><\/a>\n\t\t\t\t<div class=\"elementor-post__badge\">EM BREVE<\/div>\n\t\t\t\t<div class=\"elementor-post__text\">\n\t\t\t\t<h3 class=\"elementor-post__title\">\n\t\t\t<a href=\"https:\/\/ead.senar-rio.com.br\/cursos\/curso-cultivo-e-beneficios-da-pitaya-a-fruta-do-dragao\/\" >\n\t\t\t\tCURSO: CULTIVO E BENEF\u00cdCIOS DA PITAYA &#8211; A FRUTA DO DRAG\u00c3O\t\t\t<\/a>\n\t\t<\/h3>\n\t\t\t\t\t<div class=\"elementor-post__read-more-wrapper\">\n\t\t\n\t\t<a class=\"elementor-post__read-more\" href=\"https:\/\/ead.senar-rio.com.br\/cursos\/curso-cultivo-e-beneficios-da-pitaya-a-fruta-do-dragao\/\" >\n\t\t\tMais Detalhes\t\t<\/a>\n\n\t\t\t\t\t<\/div>\n\t\t\t\t<\/div>\n\t\t\t\t\t<\/div>\n\t\t<\/article>\n\t\t\t\t<article class=\"elementor-post elementor-grid-item post-1979 post type-post status-publish format-standard has-post-thumbnail hentry category-em-breve wpbf-post\">\n\t\t\t<div class=\"elementor-post__card\">\n\t\t\t\t<a class=\"elementor-post__thumbnail__link\" href=\"https:\/\/ead.senar-rio.com.br\/cursos\/curso-baunilha-do-cultivo-ao-lucro\/\" ><div class=\"elementor-post__thumbnail\"><img loading=\"lazy\" decoding=\"async\" width=\"300\" height=\"178\" src=\"https:\/\/ead.senar-rio.com.br\/cursos\/wp-content\/uploads\/2025\/04\/baunilha-300x178.jpg\" class=\"attachment-medium size-medium wp-image-1980\" alt=\"\" srcset=\"https:\/\/ead.senar-rio.com.br\/cursos\/wp-content\/uploads\/2025\/04\/baunilha-300x178.jpg 300w, https:\/\/ead.senar-rio.com.br\/cursos\/wp-content\/uploads\/2025\/04\/baunilha-768x456.jpg 768w, https:\/\/ead.senar-rio.com.br\/cursos\/wp-content\/uploads\/2025\/04\/baunilha.jpg 800w\" sizes=\"(max-width: 300px) 100vw, 300px\" \/><\/div><\/a>\n\t\t\t\t<div class=\"elementor-post__badge\">EM BREVE<\/div>\n\t\t\t\t<div class=\"elementor-post__text\">\n\t\t\t\t<h3 class=\"elementor-post__title\">\n\t\t\t<a href=\"https:\/\/ead.senar-rio.com.br\/cursos\/curso-baunilha-do-cultivo-ao-lucro\/\" >\n\t\t\t\tCURSO: BAUNILHA: DO CULTIVO AO LUCRO\t\t\t<\/a>\n\t\t<\/h3>\n\t\t\t\t\t<div class=\"elementor-post__read-more-wrapper\">\n\t\t\n\t\t<a class=\"elementor-post__read-more\" href=\"https:\/\/ead.senar-rio.com.br\/cursos\/curso-baunilha-do-cultivo-ao-lucro\/\" >\n\t\t\tMais Detalhes\t\t<\/a>\n\n\t\t\t\t\t<\/div>\n\t\t\t\t<\/div>\n\t\t\t\t\t<\/div>\n\t\t<\/article>\n\t\t\t\t<article class=\"elementor-post elementor-grid-item post-1967 post type-post status-publish format-standard has-post-thumbnail hentry category-em-breve wpbf-post\">\n\t\t\t<div class=\"elementor-post__card\">\n\t\t\t\t<a class=\"elementor-post__thumbnail__link\" href=\"https:\/\/ead.senar-rio.com.br\/cursos\/curso-solucoes-inteligentes-no-campo-o-trabalho-da-ia\/\" ><div class=\"elementor-post__thumbnail\"><img loading=\"lazy\" decoding=\"async\" width=\"300\" height=\"178\" src=\"https:\/\/ead.senar-rio.com.br\/cursos\/wp-content\/uploads\/2025\/03\/ia-agronegocio-300x178.png\" class=\"attachment-medium size-medium wp-image-1968\" alt=\"\" srcset=\"https:\/\/ead.senar-rio.com.br\/cursos\/wp-content\/uploads\/2025\/03\/ia-agronegocio-300x178.png 300w, https:\/\/ead.senar-rio.com.br\/cursos\/wp-content\/uploads\/2025\/03\/ia-agronegocio-768x456.png 768w, https:\/\/ead.senar-rio.com.br\/cursos\/wp-content\/uploads\/2025\/03\/ia-agronegocio.png 800w\" sizes=\"(max-width: 300px) 100vw, 300px\" \/><\/div><\/a>\n\t\t\t\t<div class=\"elementor-post__badge\">EM BREVE<\/div>\n\t\t\t\t<div class=\"elementor-post__text\">\n\t\t\t\t<h3 class=\"elementor-post__title\">\n\t\t\t<a href=\"https:\/\/ead.senar-rio.com.br\/cursos\/curso-solucoes-inteligentes-no-campo-o-trabalho-da-ia\/\" >\n\t\t\t\tCURSO: SOLU\u00c7\u00d5ES INTELIG\u00caNTES NO CAMPO: O TRABALHO DA IA\t\t\t<\/a>\n\t\t<\/h3>\n\t\t\t\t\t<div class=\"elementor-post__read-more-wrapper\">\n\t\t\n\t\t<a class=\"elementor-post__read-more\" href=\"https:\/\/ead.senar-rio.com.br\/cursos\/curso-solucoes-inteligentes-no-campo-o-trabalho-da-ia\/\" >\n\t\t\tMais Detalhes\t\t<\/a>\n\n\t\t\t\t\t<\/div>\n\t\t\t\t<\/div>\n\t\t\t\t\t<\/div>\n\t\t<\/article>\n\t\t\t\t<article class=\"elementor-post elementor-grid-item post-1257 post type-post status-publish format-standard has-post-thumbnail hentry category-em-breve wpbf-post\">\n\t\t\t<div class=\"elementor-post__card\">\n\t\t\t\t<a class=\"elementor-post__thumbnail__link\" href=\"https:\/\/ead.senar-rio.com.br\/cursos\/curso-vacinacao-em-pequenos-ruminantes\/\" ><div class=\"elementor-post__thumbnail\"><img loading=\"lazy\" decoding=\"async\" width=\"300\" height=\"178\" src=\"https:\/\/ead.senar-rio.com.br\/cursos\/wp-content\/uploads\/2023\/12\/vacinacao-300x178.jpg\" class=\"attachment-medium size-medium wp-image-1258\" alt=\"\" srcset=\"https:\/\/ead.senar-rio.com.br\/cursos\/wp-content\/uploads\/2023\/12\/vacinacao-300x178.jpg 300w, https:\/\/ead.senar-rio.com.br\/cursos\/wp-content\/uploads\/2023\/12\/vacinacao-768x456.jpg 768w, https:\/\/ead.senar-rio.com.br\/cursos\/wp-content\/uploads\/2023\/12\/vacinacao.jpg 800w\" sizes=\"(max-width: 300px) 100vw, 300px\" \/><\/div><\/a>\n\t\t\t\t<div class=\"elementor-post__badge\">EM BREVE<\/div>\n\t\t\t\t<div class=\"elementor-post__text\">\n\t\t\t\t<h3 class=\"elementor-post__title\">\n\t\t\t<a href=\"https:\/\/ead.senar-rio.com.br\/cursos\/curso-vacinacao-em-pequenos-ruminantes\/\" >\n\t\t\t\tCURSO: VACINA\u00c7\u00c3O EM PEQUENOS RUMINANTES\t\t\t<\/a>\n\t\t<\/h3>\n\t\t\t\t\t<div class=\"elementor-post__read-more-wrapper\">\n\t\t\n\t\t<a class=\"elementor-post__read-more\" href=\"https:\/\/ead.senar-rio.com.br\/cursos\/curso-vacinacao-em-pequenos-ruminantes\/\" >\n\t\t\tMais Detalhes\t\t<\/a>\n\n\t\t\t\t\t<\/div>\n\t\t\t\t<\/div>\n\t\t\t\t\t<\/div>\n\t\t<\/article>\n\t\t\t\t<article class=\"elementor-post elementor-grid-item post-1235 post type-post status-publish format-standard has-post-thumbnail hentry category-em-breve wpbf-post\">\n\t\t\t<div class=\"elementor-post__card\">\n\t\t\t\t<a class=\"elementor-post__thumbnail__link\" href=\"https:\/\/ead.senar-rio.com.br\/cursos\/curso-equoterapia\/\" ><div class=\"elementor-post__thumbnail\"><img loading=\"lazy\" decoding=\"async\" width=\"300\" height=\"178\" src=\"https:\/\/ead.senar-rio.com.br\/cursos\/wp-content\/uploads\/2023\/12\/equoterapia-300x178.jpg\" class=\"attachment-medium size-medium wp-image-1236\" alt=\"\" srcset=\"https:\/\/ead.senar-rio.com.br\/cursos\/wp-content\/uploads\/2023\/12\/equoterapia-300x178.jpg 300w, https:\/\/ead.senar-rio.com.br\/cursos\/wp-content\/uploads\/2023\/12\/equoterapia-768x456.jpg 768w, https:\/\/ead.senar-rio.com.br\/cursos\/wp-content\/uploads\/2023\/12\/equoterapia.jpg 800w\" sizes=\"(max-width: 300px) 100vw, 300px\" \/><\/div><\/a>\n\t\t\t\t<div class=\"elementor-post__badge\">EM BREVE<\/div>\n\t\t\t\t<div class=\"elementor-post__text\">\n\t\t\t\t<h3 class=\"elementor-post__title\">\n\t\t\t<a href=\"https:\/\/ead.senar-rio.com.br\/cursos\/curso-equoterapia\/\" >\n\t\t\t\tCURSO: EQUOTERAPIA\t\t\t<\/a>\n\t\t<\/h3>\n\t\t\t\t\t<div class=\"elementor-post__read-more-wrapper\">\n\t\t\n\t\t<a class=\"elementor-post__read-more\" href=\"https:\/\/ead.senar-rio.com.br\/cursos\/curso-equoterapia\/\" >\n\t\t\tMais Detalhes\t\t<\/a>\n\n\t\t\t\t\t<\/div>\n\t\t\t\t<\/div>\n\t\t\t\t\t<\/div>\n\t\t<\/article>\n\t\t\t\t<article class=\"elementor-post elementor-grid-item post-1229 post type-post status-publish format-standard has-post-thumbnail hentry category-em-breve wpbf-post\">\n\t\t\t<div class=\"elementor-post__card\">\n\t\t\t\t<a class=\"elementor-post__thumbnail__link\" href=\"https:\/\/ead.senar-rio.com.br\/cursos\/curso-manejo-de-cabras-leiteiras\/\" ><div class=\"elementor-post__thumbnail\"><img loading=\"lazy\" decoding=\"async\" width=\"300\" height=\"178\" src=\"https:\/\/ead.senar-rio.com.br\/cursos\/wp-content\/uploads\/2023\/12\/manejo-cabras-300x178.jpg\" class=\"attachment-medium size-medium wp-image-1230\" alt=\"\" srcset=\"https:\/\/ead.senar-rio.com.br\/cursos\/wp-content\/uploads\/2023\/12\/manejo-cabras-300x178.jpg 300w, https:\/\/ead.senar-rio.com.br\/cursos\/wp-content\/uploads\/2023\/12\/manejo-cabras-768x456.jpg 768w, https:\/\/ead.senar-rio.com.br\/cursos\/wp-content\/uploads\/2023\/12\/manejo-cabras.jpg 800w\" sizes=\"(max-width: 300px) 100vw, 300px\" \/><\/div><\/a>\n\t\t\t\t<div class=\"elementor-post__badge\">EM BREVE<\/div>\n\t\t\t\t<div class=\"elementor-post__text\">\n\t\t\t\t<h3 class=\"elementor-post__title\">\n\t\t\t<a href=\"https:\/\/ead.senar-rio.com.br\/cursos\/curso-manejo-de-cabras-leiteiras\/\" >\n\t\t\t\tCURSO: MANEJO DE CABRAS LEITEIRAS\t\t\t<\/a>\n\t\t<\/h3>\n\t\t\t\t\t<div class=\"elementor-post__read-more-wrapper\">\n\t\t\n\t\t<a class=\"elementor-post__read-more\" href=\"https:\/\/ead.senar-rio.com.br\/cursos\/curso-manejo-de-cabras-leiteiras\/\" >\n\t\t\tMais Detalhes\t\t<\/a>\n\n\t\t\t\t\t<\/div>\n\t\t\t\t<\/div>\n\t\t\t\t\t<\/div>\n\t\t<\/article>\n\t\t\t\t<article class=\"elementor-post elementor-grid-item post-1223 post type-post status-publish format-standard has-post-thumbnail hentry category-em-breve wpbf-post\">\n\t\t\t<div class=\"elementor-post__card\">\n\t\t\t\t<a class=\"elementor-post__thumbnail__link\" href=\"https:\/\/ead.senar-rio.com.br\/cursos\/curso-o-uso-de-bioinsumos-na-agropecuaria\/\" ><div class=\"elementor-post__thumbnail\"><img loading=\"lazy\" decoding=\"async\" width=\"300\" height=\"178\" src=\"https:\/\/ead.senar-rio.com.br\/cursos\/wp-content\/uploads\/2023\/12\/bioinsumos-300x178.jpg\" class=\"attachment-medium size-medium wp-image-1224\" alt=\"\" srcset=\"https:\/\/ead.senar-rio.com.br\/cursos\/wp-content\/uploads\/2023\/12\/bioinsumos-300x178.jpg 300w, https:\/\/ead.senar-rio.com.br\/cursos\/wp-content\/uploads\/2023\/12\/bioinsumos-768x456.jpg 768w, https:\/\/ead.senar-rio.com.br\/cursos\/wp-content\/uploads\/2023\/12\/bioinsumos.jpg 800w\" sizes=\"(max-width: 300px) 100vw, 300px\" \/><\/div><\/a>\n\t\t\t\t<div class=\"elementor-post__badge\">EM BREVE<\/div>\n\t\t\t\t<div class=\"elementor-post__text\">\n\t\t\t\t<h3 class=\"elementor-post__title\">\n\t\t\t<a href=\"https:\/\/ead.senar-rio.com.br\/cursos\/curso-o-uso-de-bioinsumos-na-agropecuaria\/\" >\n\t\t\t\tCURSO: O USO DE BIOINSUMOS NA AGROPECU\u00c1RIA\t\t\t<\/a>\n\t\t<\/h3>\n\t\t\t\t\t<div class=\"elementor-post__read-more-wrapper\">\n\t\t\n\t\t<a class=\"elementor-post__read-more\" href=\"https:\/\/ead.senar-rio.com.br\/cursos\/curso-o-uso-de-bioinsumos-na-agropecuaria\/\" >\n\t\t\tMais Detalhes\t\t<\/a>\n\n\t\t\t\t\t<\/div>\n\t\t\t\t<\/div>\n\t\t\t\t\t<\/div>\n\t\t<\/article>\n\t\t\t\t<article class=\"elementor-post elementor-grid-item post-1043 post type-post status-publish format-standard has-post-thumbnail hentry category-em-breve wpbf-post\">\n\t\t\t<div class=\"elementor-post__card\">\n\t\t\t\t<a class=\"elementor-post__thumbnail__link\" href=\"https:\/\/ead.senar-rio.com.br\/cursos\/curso-gestao-de-haras-e-centros-equestres\/\" ><div class=\"elementor-post__thumbnail\"><img loading=\"lazy\" decoding=\"async\" width=\"300\" height=\"178\" src=\"https:\/\/ead.senar-rio.com.br\/cursos\/wp-content\/uploads\/2023\/08\/gestao-harasok-300x178.jpg\" class=\"attachment-medium size-medium wp-image-1053\" alt=\"\" srcset=\"https:\/\/ead.senar-rio.com.br\/cursos\/wp-content\/uploads\/2023\/08\/gestao-harasok-300x178.jpg 300w, https:\/\/ead.senar-rio.com.br\/cursos\/wp-content\/uploads\/2023\/08\/gestao-harasok-768x456.jpg 768w, https:\/\/ead.senar-rio.com.br\/cursos\/wp-content\/uploads\/2023\/08\/gestao-harasok.jpg 800w\" sizes=\"(max-width: 300px) 100vw, 300px\" \/><\/div><\/a>\n\t\t\t\t<div class=\"elementor-post__badge\">EM BREVE<\/div>\n\t\t\t\t<div class=\"elementor-post__text\">\n\t\t\t\t<h3 class=\"elementor-post__title\">\n\t\t\t<a href=\"https:\/\/ead.senar-rio.com.br\/cursos\/curso-gestao-de-haras-e-centros-equestres\/\" >\n\t\t\t\tCURSO: GEST\u00c3O DE HARAS E CENTROS EQUESTRES\t\t\t<\/a>\n\t\t<\/h3>\n\t\t\t\t\t<div class=\"elementor-post__read-more-wrapper\">\n\t\t\n\t\t<a class=\"elementor-post__read-more\" href=\"https:\/\/ead.senar-rio.com.br\/cursos\/curso-gestao-de-haras-e-centros-equestres\/\" >\n\t\t\tMais Detalhes\t\t<\/a>\n\n\t\t\t\t\t<\/div>\n\t\t\t\t<\/div>\n\t\t\t\t\t<\/div>\n\t\t<\/article>\n\t\t\t\t<article class=\"elementor-post elementor-grid-item post-928 post type-post status-publish format-standard has-post-thumbnail hentry category-em-breve wpbf-post\">\n\t\t\t<div class=\"elementor-post__card\">\n\t\t\t\t<a class=\"elementor-post__thumbnail__link\" href=\"https:\/\/ead.senar-rio.com.br\/cursos\/curso-organizando-a-propriedade-rural-para-acesso-a-credito\/\" ><div class=\"elementor-post__thumbnail\"><img loading=\"lazy\" decoding=\"async\" width=\"300\" height=\"178\" src=\"https:\/\/ead.senar-rio.com.br\/cursos\/wp-content\/uploads\/2023\/07\/credito2-300x178.jpg\" class=\"attachment-medium size-medium wp-image-1302\" alt=\"\" srcset=\"https:\/\/ead.senar-rio.com.br\/cursos\/wp-content\/uploads\/2023\/07\/credito2-300x178.jpg 300w, https:\/\/ead.senar-rio.com.br\/cursos\/wp-content\/uploads\/2023\/07\/credito2-768x456.jpg 768w, https:\/\/ead.senar-rio.com.br\/cursos\/wp-content\/uploads\/2023\/07\/credito2.jpg 800w\" sizes=\"(max-width: 300px) 100vw, 300px\" \/><\/div><\/a>\n\t\t\t\t<div class=\"elementor-post__badge\">EM BREVE<\/div>\n\t\t\t\t<div class=\"elementor-post__text\">\n\t\t\t\t<h3 class=\"elementor-post__title\">\n\t\t\t<a href=\"https:\/\/ead.senar-rio.com.br\/cursos\/curso-organizando-a-propriedade-rural-para-acesso-a-credito\/\" >\n\t\t\t\tCURSO: ORGANIZANDO A PROPRIEDADE RURAL PARA ACESSO A CR\u00c9DITO\t\t\t<\/a>\n\t\t<\/h3>\n\t\t\t\t\t<div class=\"elementor-post__read-more-wrapper\">\n\t\t\n\t\t<a class=\"elementor-post__read-more\" href=\"https:\/\/ead.senar-rio.com.br\/cursos\/curso-organizando-a-propriedade-rural-para-acesso-a-credito\/\" >\n\t\t\tMais Detalhes\t\t<\/a>\n\n\t\t\t\t\t<\/div>\n\t\t\t\t<\/div>\n\t\t\t\t\t<\/div>\n\t\t<\/article>\n\t\t\t\t<article class=\"elementor-post elementor-grid-item post-917 post type-post status-publish format-standard has-post-thumbnail hentry category-em-breve wpbf-post\">\n\t\t\t<div class=\"elementor-post__card\">\n\t\t\t\t<a class=\"elementor-post__thumbnail__link\" href=\"https:\/\/ead.senar-rio.com.br\/cursos\/curso-praticando-o-appcc-analise-de-perigo-e-pontos-criticos-de-controle\/\" ><div class=\"elementor-post__thumbnail\"><img loading=\"lazy\" decoding=\"async\" width=\"300\" height=\"178\" src=\"https:\/\/ead.senar-rio.com.br\/cursos\/wp-content\/uploads\/2023\/07\/appcc-300x178.jpg\" class=\"attachment-medium size-medium wp-image-918\" alt=\"\" srcset=\"https:\/\/ead.senar-rio.com.br\/cursos\/wp-content\/uploads\/2023\/07\/appcc-300x178.jpg 300w, https:\/\/ead.senar-rio.com.br\/cursos\/wp-content\/uploads\/2023\/07\/appcc-768x456.jpg 768w, https:\/\/ead.senar-rio.com.br\/cursos\/wp-content\/uploads\/2023\/07\/appcc.jpg 800w\" sizes=\"(max-width: 300px) 100vw, 300px\" \/><\/div><\/a>\n\t\t\t\t<div class=\"elementor-post__badge\">EM BREVE<\/div>\n\t\t\t\t<div class=\"elementor-post__text\">\n\t\t\t\t<h3 class=\"elementor-post__title\">\n\t\t\t<a href=\"https:\/\/ead.senar-rio.com.br\/cursos\/curso-praticando-o-appcc-analise-de-perigo-e-pontos-criticos-de-controle\/\" >\n\t\t\t\tCURSO: PRATICANDO O APPCC \u2013 ANALISE DE PERIGO E PONTOS CRITICOS DE CONTROLE\t\t\t<\/a>\n\t\t<\/h3>\n\t\t\t\t\t<div class=\"elementor-post__read-more-wrapper\">\n\t\t\n\t\t<a class=\"elementor-post__read-more\" href=\"https:\/\/ead.senar-rio.com.br\/cursos\/curso-praticando-o-appcc-analise-de-perigo-e-pontos-criticos-de-controle\/\" >\n\t\t\tMais Detalhes\t\t<\/a>\n\n\t\t\t\t\t<\/div>\n\t\t\t\t<\/div>\n\t\t\t\t\t<\/div>\n\t\t<\/article>\n\t\t\t\t<article class=\"elementor-post elementor-grid-item post-901 post type-post status-publish format-standard has-post-thumbnail hentry category-em-breve wpbf-post\">\n\t\t\t<div class=\"elementor-post__card\">\n\t\t\t\t<a class=\"elementor-post__thumbnail__link\" href=\"https:\/\/ead.senar-rio.com.br\/cursos\/curso-producao-de-ovos-caipiras\/\" ><div class=\"elementor-post__thumbnail\"><img loading=\"lazy\" decoding=\"async\" width=\"300\" height=\"178\" src=\"https:\/\/ead.senar-rio.com.br\/cursos\/wp-content\/uploads\/2023\/07\/ovoscaipiras-300x178.jpg\" class=\"attachment-medium size-medium wp-image-902\" alt=\"\" srcset=\"https:\/\/ead.senar-rio.com.br\/cursos\/wp-content\/uploads\/2023\/07\/ovoscaipiras-300x178.jpg 300w, https:\/\/ead.senar-rio.com.br\/cursos\/wp-content\/uploads\/2023\/07\/ovoscaipiras-768x456.jpg 768w, https:\/\/ead.senar-rio.com.br\/cursos\/wp-content\/uploads\/2023\/07\/ovoscaipiras.jpg 800w\" sizes=\"(max-width: 300px) 100vw, 300px\" \/><\/div><\/a>\n\t\t\t\t<div class=\"elementor-post__badge\">EM BREVE<\/div>\n\t\t\t\t<div class=\"elementor-post__text\">\n\t\t\t\t<h3 class=\"elementor-post__title\">\n\t\t\t<a href=\"https:\/\/ead.senar-rio.com.br\/cursos\/curso-producao-de-ovos-caipiras\/\" >\n\t\t\t\tCURSO: PRODU\u00c7\u00c3O DE OVOS CAIPIRAS\t\t\t<\/a>\n\t\t<\/h3>\n\t\t\t\t\t<div class=\"elementor-post__read-more-wrapper\">\n\t\t\n\t\t<a class=\"elementor-post__read-more\" href=\"https:\/\/ead.senar-rio.com.br\/cursos\/curso-producao-de-ovos-caipiras\/\" >\n\t\t\tMais Detalhes\t\t<\/a>\n\n\t\t\t\t\t<\/div>\n\t\t\t\t<\/div>\n\t\t\t\t\t<\/div>\n\t\t<\/article>\n\t\t\t\t<article class=\"elementor-post elementor-grid-item post-895 post type-post status-publish format-standard has-post-thumbnail hentry category-em-breve wpbf-post\">\n\t\t\t<div class=\"elementor-post__card\">\n\t\t\t\t<a class=\"elementor-post__thumbnail__link\" href=\"https:\/\/ead.senar-rio.com.br\/cursos\/curso-legalizacao-de-cachacas-artesanais\/\" ><div class=\"elementor-post__thumbnail\"><img loading=\"lazy\" decoding=\"async\" width=\"300\" height=\"178\" src=\"https:\/\/ead.senar-rio.com.br\/cursos\/wp-content\/uploads\/2023\/07\/cachaca-300x178.jpg\" class=\"attachment-medium size-medium wp-image-896\" alt=\"\" srcset=\"https:\/\/ead.senar-rio.com.br\/cursos\/wp-content\/uploads\/2023\/07\/cachaca-300x178.jpg 300w, https:\/\/ead.senar-rio.com.br\/cursos\/wp-content\/uploads\/2023\/07\/cachaca-768x456.jpg 768w, https:\/\/ead.senar-rio.com.br\/cursos\/wp-content\/uploads\/2023\/07\/cachaca.jpg 800w\" sizes=\"(max-width: 300px) 100vw, 300px\" \/><\/div><\/a>\n\t\t\t\t<div class=\"elementor-post__badge\">EM BREVE<\/div>\n\t\t\t\t<div class=\"elementor-post__text\">\n\t\t\t\t<h3 class=\"elementor-post__title\">\n\t\t\t<a href=\"https:\/\/ead.senar-rio.com.br\/cursos\/curso-legalizacao-de-cachacas-artesanais\/\" >\n\t\t\t\tCURSO: LEGALIZA\u00c7\u00c3O DE CACHA\u00c7AS ARTESANAIS\t\t\t<\/a>\n\t\t<\/h3>\n\t\t\t\t\t<div class=\"elementor-post__read-more-wrapper\">\n\t\t\n\t\t<a class=\"elementor-post__read-more\" href=\"https:\/\/ead.senar-rio.com.br\/cursos\/curso-legalizacao-de-cachacas-artesanais\/\" >\n\t\t\tMais Detalhes\t\t<\/a>\n\n\t\t\t\t\t<\/div>\n\t\t\t\t<\/div>\n\t\t\t\t\t<\/div>\n\t\t<\/article>\n\t\t\t\t<article class=\"elementor-post elementor-grid-item post-886 post type-post status-publish format-standard has-post-thumbnail hentry category-em-breve wpbf-post\">\n\t\t\t<div class=\"elementor-post__card\">\n\t\t\t\t<a class=\"elementor-post__thumbnail__link\" href=\"https:\/\/ead.senar-rio.com.br\/cursos\/curso-plantas-ornamentais-do-mercado-a-producao\/\" ><div class=\"elementor-post__thumbnail\"><img loading=\"lazy\" decoding=\"async\" width=\"300\" height=\"178\" src=\"https:\/\/ead.senar-rio.com.br\/cursos\/wp-content\/uploads\/2023\/07\/plantas-ornamentais-300x178.jpg\" class=\"attachment-medium size-medium wp-image-887\" alt=\"\" srcset=\"https:\/\/ead.senar-rio.com.br\/cursos\/wp-content\/uploads\/2023\/07\/plantas-ornamentais-300x178.jpg 300w, https:\/\/ead.senar-rio.com.br\/cursos\/wp-content\/uploads\/2023\/07\/plantas-ornamentais-768x456.jpg 768w, https:\/\/ead.senar-rio.com.br\/cursos\/wp-content\/uploads\/2023\/07\/plantas-ornamentais.jpg 800w\" sizes=\"(max-width: 300px) 100vw, 300px\" \/><\/div><\/a>\n\t\t\t\t<div class=\"elementor-post__badge\">EM BREVE<\/div>\n\t\t\t\t<div class=\"elementor-post__text\">\n\t\t\t\t<h3 class=\"elementor-post__title\">\n\t\t\t<a href=\"https:\/\/ead.senar-rio.com.br\/cursos\/curso-plantas-ornamentais-do-mercado-a-producao\/\" >\n\t\t\t\tCURSO: PLANTAS ORNAMENTAIS: DO MERCADO \u00c0 PRODU\u00c7\u00c3O\t\t\t<\/a>\n\t\t<\/h3>\n\t\t\t\t\t<div class=\"elementor-post__read-more-wrapper\">\n\t\t\n\t\t<a class=\"elementor-post__read-more\" href=\"https:\/\/ead.senar-rio.com.br\/cursos\/curso-plantas-ornamentais-do-mercado-a-producao\/\" >\n\t\t\tMais Detalhes\t\t<\/a>\n\n\t\t\t\t\t<\/div>\n\t\t\t\t<\/div>\n\t\t\t\t\t<\/div>\n\t\t<\/article>\n\t\t\t\t<\/div>\n\n\n\t\t\n\t\t\t\t\t\t<\/div>\n\t\t\t\t<\/div>\n\t\t\t\t\t<\/div>\n\t\t<\/div>\n\t\t\t\t\t<\/div>\n\t\t<\/section>\n\t\t\t\t<\/div>\n\t\t","protected":false},"excerpt":{"rendered":"<p>EM BREVE<\/p>\n","protected":false},"author":1,"featured_media":0,"parent":0,"menu_order":0,"comment_status":"closed","ping_status":"closed","template":"elementor_header_footer","meta":{"_acf_changed":false,"footnotes":""},"class_list":["post-847","page","type-page","status-publish","hentry","wpbf-post"],"acf":[],"_links":{"self":[{"href":"https:\/\/ead.senar-rio.com.br\/cursos\/wp-json\/wp\/v2\/pages\/847","targetHints":{"allow":["GET"]}}],"collection":[{"href":"https:\/\/ead.senar-rio.com.br\/cursos\/wp-json\/wp\/v2\/pages"}],"about":[{"href":"https:\/\/ead.senar-rio.com.br\/cursos\/wp-json\/wp\/v2\/types\/page"}],"author":[{"embeddable":true,"href":"https:\/\/ead.senar-rio.com.br\/cursos\/wp-json\/wp\/v2\/users\/1"}],"replies":[{"embeddable":true,"href":"https:\/\/ead.senar-rio.com.br\/cursos\/wp-json\/wp\/v2\/comments?post=847"}],"version-history":[{"count":12,"href":"https:\/\/ead.senar-rio.com.br\/cursos\/wp-json\/wp\/v2\/pages\/847\/revisions"}],"predecessor-version":[{"id":2463,"href":"https:\/\/ead.senar-rio.com.br\/cursos\/wp-json\/wp\/v2\/pages\/847\/revisions\/2463"}],"wp:attachment":[{"href":"https:\/\/ead.senar-rio.com.br\/cursos\/wp-json\/wp\/v2\/media?parent=847"}],"curies":[{"name":"wp","href":"https:\/\/api.w.org\/{rel}","templated":true}]}}